{"version":"1.0","provider_name":"International Solidarity Movement - ISM-France","provider_url":"https:\/\/ismfrance.org","author_name":"mru_01","author_url":"https:\/\/ismfrance.org\/index.php\/author\/admin02\/","title":"L'arm\u00e9e d'occupation prend d'assaut l'h\u00f4pital d'Al-Shifa \/ communiqu\u00e9 du superviseur des urgences - International Solidarity Movement - ISM-France","type":"rich","width":600,"height":338,"html":"<blockquote class=\"wp-embedded-content\" data-secret=\"FqfTYL97QR\"><a href=\"https:\/\/ismfrance.org\/index.php\/2023\/11\/15\/larmee-doccupation-prend-dassaut-lhopital-dal-shifa\/\">L&rsquo;arm\u00e9e d&rsquo;occupation prend d&rsquo;assaut l&rsquo;h\u00f4pital d&rsquo;Al-Shifa \/ communiqu\u00e9 du superviseur des urgences<\/a><\/blockquote><iframe sandbox=\"allow-scripts\" security=\"restricted\" src=\"https:\/\/ismfrance.org\/index.php\/2023\/11\/15\/larmee-doccupation-prend-dassaut-lhopital-dal-shifa\/embed\/#?secret=FqfTYL97QR\" width=\"600\" height=\"338\" title=\"\u00ab\u00a0L&rsquo;arm\u00e9e d&rsquo;occupation prend d&rsquo;assaut l&rsquo;h\u00f4pital d&rsquo;Al-Shifa \/ communiqu\u00e9 du superviseur des urgences\u00a0\u00bb &#8212; International Solidarity Movement - ISM-France\" data-secret=\"FqfTYL97QR\" frameborder=\"0\" marginwidth=\"0\" marginheight=\"0\" scrolling=\"no\" class=\"wp-embedded-content\"><\/iframe><script type=\"text\/javascript\">\n\/* <![CDATA[ *\/\n\/*! This file is auto-generated *\/\n!function(d,l){\"use strict\";l.querySelector&&d.addEventListener&&\"undefined\"!=typeof URL&&(d.wp=d.wp||{},d.wp.receiveEmbedMessage||(d.wp.receiveEmbedMessage=function(e){var t=e.data;if((t||t.secret||t.message||t.value)&&!\/[^a-zA-Z0-9]\/.test(t.secret)){for(var s,r,n,a=l.querySelectorAll('iframe[data-secret=\"'+t.secret+'\"]'),o=l.querySelectorAll('blockquote[data-secret=\"'+t.secret+'\"]'),c=new RegExp(\"^https?:$\",\"i\"),i=0;i<o.length;i++)o[i].style.display=\"none\";for(i=0;i<a.length;i++)s=a[i],e.source===s.contentWindow&&(s.removeAttribute(\"style\"),\"height\"===t.message?(1e3<(r=parseInt(t.value,10))?r=1e3:~~r<200&&(r=200),s.height=r):\"link\"===t.message&&(r=new URL(s.getAttribute(\"src\")),n=new URL(t.value),c.test(n.protocol))&&n.host===r.host&&l.activeElement===s&&(d.top.location.href=t.value))}},d.addEventListener(\"message\",d.wp.receiveEmbedMessage,!1),l.addEventListener(\"DOMContentLoaded\",function(){for(var e,t,s=l.querySelectorAll(\"iframe.wp-embedded-content\"),r=0;r<s.length;r++)(t=(e=s[r]).getAttribute(\"data-secret\"))||(t=Math.random().toString(36).substring(2,12),e.src+=\"#?secret=\"+t,e.setAttribute(\"data-secret\",t)),e.contentWindow.postMessage({message:\"ready\",secret:t},\"*\")},!1)))}(window,document);\n\/\/# sourceURL=https:\/\/ismfrance.org\/wp-includes\/js\/wp-embed.min.js\n\/* ]]> *\/\n<\/script>\n","thumbnail_url":"https:\/\/ismfrance.org\/wp-content\/uploads\/2023\/11\/F-6D1swWoAAh6QP.jpeg","thumbnail_width":680,"thumbnail_height":680,"description":"Al-Mayadeen, 15 novembre 2023.\u00a0 Le correspondant d&rsquo;Al Mayadeen \u00e0 Gaza a confirm\u00e9 qu&rsquo;il y a eu des martyrs et de nombreux bless\u00e9s lors des attaques isra\u00e9liennes contre l&rsquo;h\u00f4pital al-Shifa \u00e0 Lire la suite &rarr;"}